{"id":55,"date":"2020-03-17T09:28:13","date_gmt":"2020-03-17T09:28:13","guid":{"rendered":"http:\/\/fewo-stephan.info\/?page_id=55"},"modified":"2024-05-02T08:40:36","modified_gmt":"2024-05-02T08:40:36","slug":"sehenswertes","status":"publish","type":"page","link":"https:\/\/fewo-th\u00fcringen.de\/?page_id=55","title":{"rendered":"Sehenswertes"},"content":{"rendered":"\n<p>Die Fr\u00f6belstadt Oberwei\u00dfbach, ein Ortsteil der Stadt Schwarzatal, liegt idyllisch im Th\u00fcringer Kr\u00e4utergarten zwischen dem Schwarzatal und dem Rennsteig. Von hier aus k\u00f6nnen Sie zu jeder Jahreszeit viele interessante Ausfl\u00fcge unternehmen und die  Sehensw\u00fcrdigkeiten in und um Oberwei\u00dfbach besichtigen. Auch Ausfl\u00fcge zur Wartburg nach Eisenach, in die Landeshauptstadt Erfurt oder auch in die Goethestadt Weimar sind kein Problem. Nachfolgend ist nur eine kleine  Auswahl der Ausflugsm\u00f6glichkeiten in der n\u00e4heren Umgebung beschrieben.<\/p>\n\n\n\n<div class=\"wp-block-media-text alignwide is-stacked-on-mobile\" style=\"grid-template-columns:36% auto\"><figure class=\"wp-block-media-text__media\"><img loading=\"lazy\" width=\"1024\" height=\"641\" src=\"http:\/\/fewo-stephan.info\/wp-content\/uploads\/2020\/03\/DSC_6645-2-1024x641.jpg\" alt=\"\" class=\"wp-image-411 size-full\" srcset=\"https:\/\/fewo-th\u00fcringen.de\/wp-content\/uploads\/2020\/03\/DSC_6645-2-1024x641.jpg 1024w, https:\/\/fewo-th\u00fcringen.de\/wp-content\/uploads\/2020\/03\/DSC_6645-2-300x188.jpg 300w, https:\/\/fewo-th\u00fcringen.de\/wp-content\/uploads\/2020\/03\/DSC_6645-2-768x481.jpg 768w, https:\/\/fewo-th\u00fcringen.de\/wp-content\/uploads\/2020\/03\/DSC_6645-2-1536x962.jpg 1536w, https:\/\/fewo-th\u00fcringen.de\/wp-content\/uploads\/2020\/03\/DSC_6645-2-2048x1282.jpg 2048w\" sizes=\"(max-width: 1024px) 100vw, 1024px\" \/><\/figure><div class=\"wp-block-media-text__content\">\n<p class=\"has-normal-font-size\"><a href=\"http:\/\/www.thueringer-olitaetenland.de\/\" target=\"_blank\" rel=\"noreferrer noopener\" aria-label=\" (\u00f6ffnet in neuem Tab)\"><strong>Th\u00fcringer Kr\u00e4uterland<\/strong><\/a><br>Das  Gebiet um Oberwei\u00dfbach geh\u00f6rt zum \u201eTh\u00fcringer Kr\u00e4utergarten&#8220;. Hier hat  die Natur mit dem typischen Gebirgsklima, den n\u00e4hrstoffreichen B\u00f6den,  einen Garten mit einer F\u00fclle von Heilpflanzen, Wald- und Wiesenkr\u00e4utern  geschaffen.<\/p>\n<\/div><\/div>\n\n\n\n<div class=\"wp-block-media-text alignwide is-stacked-on-mobile\" style=\"grid-template-columns:36% auto\"><figure class=\"wp-block-media-text__media\"><img loading=\"lazy\" width=\"752\" height=\"500\" src=\"http:\/\/fewo-stephan.info\/wp-content\/uploads\/2020\/03\/34.jpg\" alt=\"\" class=\"wp-image-247 size-full\" srcset=\"https:\/\/fewo-th\u00fcringen.de\/wp-content\/uploads\/2020\/03\/34.jpg 752w, https:\/\/fewo-th\u00fcringen.de\/wp-content\/uploads\/2020\/03\/34-300x199.jpg 300w\" sizes=\"(max-width: 752px) 100vw, 752px\" \/><\/figure><div class=\"wp-block-media-text__content\">\n<p class=\"has-normal-font-size\"><a rel=\"noreferrer noopener\" aria-label=\"Oberwei\u00dfbacher Bergbahn und Fr\u00f6belwald (\u00f6ffnet in neuem Tab)\" href=\"https:\/\/www.oberweissbacher-bergbahn.com\/\" target=\"_blank\"><strong>Oberwei\u00dfbacher Bergbahn und Fr\u00f6belwald<\/strong><\/a><br>Die  Oberwei\u00dfbacher Bergbahn ist die steilste Standseilbahn der Welt f\u00fcr  normalspurige Eisenbahnwaggons. Von der Talstation Obstfelderschmiede  bis Lichtenhain \u00fcberwindet sie auf einer Strecke von 1380 m einen  H\u00f6henunterschied von 323 m! An der Bergstation befindet sich der Fr\u00f6belwald, ein Walderlebnispfad zum Spielen und Entdecken.<\/p>\n<\/div><\/div>\n\n\n\n<div class=\"wp-block-media-text alignwide is-stacked-on-mobile is-vertically-aligned-center\" style=\"grid-template-columns:36% auto\"><figure class=\"wp-block-media-text__media\"><img loading=\"lazy\" width=\"1024\" height=\"592\" src=\"http:\/\/fewo-stephan.info\/wp-content\/uploads\/2020\/03\/31-2-1024x592.jpg\" alt=\"\" class=\"wp-image-409 size-full\" srcset=\"https:\/\/fewo-th\u00fcringen.de\/wp-content\/uploads\/2020\/03\/31-2-1024x592.jpg 1024w, https:\/\/fewo-th\u00fcringen.de\/wp-content\/uploads\/2020\/03\/31-2-300x174.jpg 300w, https:\/\/fewo-th\u00fcringen.de\/wp-content\/uploads\/2020\/03\/31-2-768x444.jpg 768w, https:\/\/fewo-th\u00fcringen.de\/wp-content\/uploads\/2020\/03\/31-2-1536x889.jpg 1536w, https:\/\/fewo-th\u00fcringen.de\/wp-content\/uploads\/2020\/03\/31-2-2048x1185.jpg 2048w\" sizes=\"(max-width: 1024px) 100vw, 1024px\" \/><\/figure><div class=\"wp-block-media-text__content\">\n<p class=\"has-normal-font-size\"><strong><a rel=\"noreferrer noopener\" aria-label=\"Fr\u00f6belturm Oberwei\u00dfbach (\u00f6ffnet in neuem Tab)\" href=\"https:\/\/www.gasthaus-froebelturm.de\" target=\"_blank\">Fr\u00f6belturm Oberwei\u00dfbach<\/a><\/strong><br>Der  Fr\u00f6belturm, das Wahrzeichen von Oberwei\u00dfbach, befindet sich auf dem  Kirchberg auf einer H\u00f6he von 785 m \u00fc. NN. Von hier aus kann man einen  herrlichen Panoramablick \u00fcber Th\u00fcringen und Franken genie\u00dfen. Eine  gem\u00fctliche Gastst\u00e4tte l\u00e4dt zum Verweilen und Genie\u00dfen ein.<\/p>\n<\/div><\/div>\n\n\n\n<div class=\"wp-block-media-text alignwide is-stacked-on-mobile\" style=\"grid-template-columns:36% auto\"><figure class=\"wp-block-media-text__media\"><img loading=\"lazy\" width=\"752\" height=\"500\" src=\"http:\/\/fewo-stephan.info\/wp-content\/uploads\/2020\/03\/35.jpg\" alt=\"\" class=\"wp-image-248 size-full\" srcset=\"https:\/\/fewo-th\u00fcringen.de\/wp-content\/uploads\/2020\/03\/35.jpg 752w, https:\/\/fewo-th\u00fcringen.de\/wp-content\/uploads\/2020\/03\/35-300x199.jpg 300w\" sizes=\"(max-width: 752px) 100vw, 752px\" \/><\/figure><div class=\"wp-block-media-text__content\">\n<p class=\"has-normal-font-size\"><strong><a rel=\"noreferrer noopener\" aria-label=\"Fr\u00f6belhaus Oberwei\u00dfbach (\u00f6ffnet in neuem Tab)\" href=\"https:\/\/www.oberweissbach.de\/\" target=\"_blank\">Fr\u00f6belhaus Oberwei\u00dfbach<\/a><\/strong><br>Im  Geburtshaus von Friedrich Fr\u00f6bel, dem Begr\u00fcnder des Kindergartens,  befindet sich ein Memorialmuseum \u00fcber dessen Leben und Wirken. Ein  Traditionszimmer gibt Auskunft \u00fcber die Entstehung und Bedeutung des  traditionellen Olit\u00e4tenhandels in der Region. Im Erdgeschoss befindet sich die Touristinformation.<\/p>\n<\/div><\/div>\n\n\n\n<div class=\"wp-block-media-text alignwide is-stacked-on-mobile\" style=\"grid-template-columns:36% auto\"><figure class=\"wp-block-media-text__media\"><img loading=\"lazy\" width=\"1024\" height=\"768\" src=\"http:\/\/fewo-stephan.info\/wp-content\/uploads\/2020\/03\/Neu-Gro\u00df-1348553049_54348.jpg\" alt=\"\" class=\"wp-image-466 size-full\" srcset=\"https:\/\/fewo-th\u00fcringen.de\/wp-content\/uploads\/2020\/03\/Neu-Gro\u00df-1348553049_54348.jpg 1024w, https:\/\/fewo-th\u00fcringen.de\/wp-content\/uploads\/2020\/03\/Neu-Gro\u00df-1348553049_54348-300x225.jpg 300w, https:\/\/fewo-th\u00fcringen.de\/wp-content\/uploads\/2020\/03\/Neu-Gro\u00df-1348553049_54348-768x576.jpg 768w\" sizes=\"(max-width: 1024px) 100vw, 1024px\" \/><\/figure><div class=\"wp-block-media-text__content\">\n<p class=\"has-normal-font-size\"><strong><a rel=\"noreferrer noopener\" aria-label=\"Erlebniswelt Feengrotten Saalfeld (\u00f6ffnet in neuem Tab)\" href=\"https:\/\/www.feengrotten.de\/\" target=\"_blank\">Erlebniswelt Feengrotten Saalfeld<\/a><\/strong><br>Hier hat die Natur in einem ehemaligen Alaunschieferbergwerk die  \u201cfarbenreichste Schaugrotte\u201c der Welt (Guiness-Buch der Rekorde) geschaffen. Bei einer Grottenf\u00fchrung kann man sich von der einzigartigen  Faszination an Form und Farbe \u00fcberzeugen. Im Erlebnismuseum Grottoneum und im Abenteuerwald Feenw\u00e4ldchen kann man viel entdecken und sich verzaubern lassen.<\/p>\n<\/div><\/div>\n\n\n\n<div class=\"wp-block-media-text alignwide is-stacked-on-mobile\" style=\"grid-template-columns:36% auto\"><figure class=\"wp-block-media-text__media\"><img loading=\"lazy\" width=\"752\" height=\"500\" src=\"http:\/\/fewo-stephan.info\/wp-content\/uploads\/2020\/03\/41-1.jpg\" alt=\"\" class=\"wp-image-253 size-full\" srcset=\"https:\/\/fewo-th\u00fcringen.de\/wp-content\/uploads\/2020\/03\/41-1.jpg 752w, https:\/\/fewo-th\u00fcringen.de\/wp-content\/uploads\/2020\/03\/41-1-300x199.jpg 300w\" sizes=\"(max-width: 752px) 100vw, 752px\" \/><\/figure><div class=\"wp-block-media-text__content\">\n<p class=\"has-normal-font-size\"><strong><a rel=\"noreferrer noopener\" aria-label=\"Trinkwasser-Talsperrre Unterwei\u00dfbach (\u00f6ffnet in neuem Tab)\" href=\"http:\/\/www.talsperren.net\/Thuringen\/Leibis-Lichte\/leibis-lichte.html\" target=\"_blank\">Trinkwasser-Talsperrre Unterwei\u00dfbach<\/a><\/strong><br>Erleben Sie den Skulpturenpfad rund um&nbsp;die Trinkwassertalsperre Leibis, wandern sie den Rundweg (19 km) um die Talsperre oder w\u00e4hlen Sie die k\u00fcrzere Variante und machen nur einen Abstecher zur Staumauer, die zweitgr\u00f6\u00dfte Deutschlands und lassen Sie sich von der Sch\u00f6nheit des Lichtetals verzaubern. <\/p>\n<\/div><\/div>\n\n\n\n<div class=\"wp-block-media-text alignwide is-stacked-on-mobile\" style=\"grid-template-columns:36% auto\"><figure class=\"wp-block-media-text__media\"><img loading=\"lazy\" width=\"1024\" height=\"768\" src=\"http:\/\/fewo-stephan.info\/wp-content\/uploads\/2020\/03\/Neu-DSC_0656.jpg\" alt=\"\" class=\"wp-image-430 size-full\" srcset=\"https:\/\/fewo-th\u00fcringen.de\/wp-content\/uploads\/2020\/03\/Neu-DSC_0656.jpg 1024w, https:\/\/fewo-th\u00fcringen.de\/wp-content\/uploads\/2020\/03\/Neu-DSC_0656-300x225.jpg 300w, https:\/\/fewo-th\u00fcringen.de\/wp-content\/uploads\/2020\/03\/Neu-DSC_0656-768x576.jpg 768w\" sizes=\"(max-width: 1024px) 100vw, 1024px\" \/><\/figure><div class=\"wp-block-media-text__content\">\n<p class=\"has-normal-font-size\"><strong><a rel=\"noreferrer noopener\" aria-label=\"Residenzschloss Heidecksburg (\u00f6ffnet in neuem Tab)\" href=\"https:\/\/www.heidecksburg.de\" target=\"_blank\">Residenzschloss Heidecksburg Rudolstadt<\/a><\/strong><br>Die Heidecksburg, hoch \u00fcber Rudolstadt, geh\u00f6rt in Th\u00fcringen zu den prunkvollsten Barockschl\u00f6ssern. Die Wohn- und Festr\u00e4ume des ehemaligen Residenzschlosses der F\u00fcrsten von Schwarzburg-Rudolstadt k\u00f6nnen heute noch besichtigt werden. Ebenso gibt es verschiedene Ausstellungen, wie Rococo en minature, eine einzigartige Miniaturenwelt.<\/p>\n<\/div><\/div>\n\n\n\n<div class=\"wp-block-media-text alignwide is-stacked-on-mobile\" style=\"grid-template-columns:36% auto\"><figure class=\"wp-block-media-text__media\"><img loading=\"lazy\" width=\"1024\" height=\"768\" src=\"http:\/\/fewo-stephan.info\/wp-content\/uploads\/2020\/03\/DSC_0445-1-1024x768.jpg\" alt=\"\" class=\"wp-image-262 size-full\" srcset=\"https:\/\/fewo-th\u00fcringen.de\/wp-content\/uploads\/2020\/03\/DSC_0445-1-1024x768.jpg 1024w, https:\/\/fewo-th\u00fcringen.de\/wp-content\/uploads\/2020\/03\/DSC_0445-1-300x225.jpg 300w, https:\/\/fewo-th\u00fcringen.de\/wp-content\/uploads\/2020\/03\/DSC_0445-1-768x576.jpg 768w, https:\/\/fewo-th\u00fcringen.de\/wp-content\/uploads\/2020\/03\/DSC_0445-1-1536x1152.jpg 1536w, https:\/\/fewo-th\u00fcringen.de\/wp-content\/uploads\/2020\/03\/DSC_0445-1.jpg 2048w\" sizes=\"(max-width: 1024px) 100vw, 1024px\" \/><\/figure><div class=\"wp-block-media-text__content\">\n<p class=\"has-normal-font-size\"><strong><a rel=\"noreferrer noopener\" aria-label=\"Historischer Schieferbergbau Lehesten (\u00f6ffnet in neuem Tab)\" href=\"http:\/\/schiefer-denkmal-lehesten.de\/\" target=\"_blank\">Historischer Schieferbergbau Lehesten<\/a><\/strong><br>&#8222;Im Land des blauen Goldes&#8220; befindet sich das Technische Denkmal \u201cHistorischer Schieferbergbau\u201d. Es beschreibt den Werdegang des Schiefers von der Gewinnung bis zur Verarbeitung in der Spalth\u00fctte. Der Schieferpark befindet sich auf einem 105 Hektar gro\u00dfen Gel\u00e4nde eines ehemaligen Schieferbergwerks und ist Teil des Geopark Schieferland.<\/p>\n<\/div><\/div>\n\n\n\n<div class=\"wp-block-media-text alignwide is-stacked-on-mobile\" style=\"grid-template-columns:36% auto\"><figure class=\"wp-block-media-text__media\"><img loading=\"lazy\" width=\"1024\" height=\"678\" src=\"http:\/\/fewo-stephan.info\/wp-content\/uploads\/2020\/03\/DSC_1343-1024x678.jpg\" alt=\"\" class=\"wp-image-422 size-full\" srcset=\"https:\/\/fewo-th\u00fcringen.de\/wp-content\/uploads\/2020\/03\/DSC_1343-1024x678.jpg 1024w, https:\/\/fewo-th\u00fcringen.de\/wp-content\/uploads\/2020\/03\/DSC_1343-300x199.jpg 300w, https:\/\/fewo-th\u00fcringen.de\/wp-content\/uploads\/2020\/03\/DSC_1343-768x509.jpg 768w, https:\/\/fewo-th\u00fcringen.de\/wp-content\/uploads\/2020\/03\/DSC_1343-1536x1017.jpg 1536w, https:\/\/fewo-th\u00fcringen.de\/wp-content\/uploads\/2020\/03\/DSC_1343-2048x1356.jpg 2048w\" sizes=\"(max-width: 1024px) 100vw, 1024px\" \/><\/figure><div class=\"wp-block-media-text__content\">\n<p class=\"has-normal-font-size\"><strong><a rel=\"noreferrer noopener\" aria-label=\"Schaubergwerk Morassina Schmiedefeld (\u00f6ffnet in neuem Tab)\" href=\"https:\/\/www.morassina.de\/\" target=\"_blank\">Heilgrotten Morassina Schmiedefeld<\/a><\/strong><br>Das heutige Schaubergwerk Morassina mit seinem \u201cSankt Barbara\u201d Heilstollen ging aus einem ehemaligen Alaunschieferbergwerk hervor. Folgen Sie der  m\u00e4rchenhaften Welt \u201cunter Tage\u201d bei einer Bergwerksf\u00fchrung. Neben F\u00fchrungen durch das Schaubergwerk gibt es auch verschiedene Gesundheitsangebote.<\/p>\n<\/div><\/div>\n\n\n\n<div class=\"wp-block-media-text alignwide is-stacked-on-mobile\" style=\"grid-template-columns:36% auto\"><figure class=\"wp-block-media-text__media\"><img loading=\"lazy\" width=\"942\" height=\"626\" src=\"http:\/\/fewo-stephan.info\/wp-content\/uploads\/2020\/03\/Hausdernatur.png\" alt=\"\" class=\"wp-image-464 size-full\" srcset=\"https:\/\/fewo-th\u00fcringen.de\/wp-content\/uploads\/2020\/03\/Hausdernatur.png 942w, https:\/\/fewo-th\u00fcringen.de\/wp-content\/uploads\/2020\/03\/Hausdernatur-300x199.png 300w, https:\/\/fewo-th\u00fcringen.de\/wp-content\/uploads\/2020\/03\/Hausdernatur-768x510.png 768w\" sizes=\"(max-width: 942px) 100vw, 942px\" \/><\/figure><div class=\"wp-block-media-text__content\">\n<p class=\"has-normal-font-size\"><strong><a rel=\"noreferrer noopener\" aria-label=\"Haus der Natur Goldisthal (\u00f6ffnet in neuem Tab)\" href=\"http:\/\/hausdernatur-goldisthal.de\/\" target=\"_blank\">Haus der Natur Goldisthal<\/a><\/strong><br>Das  Naturerlebnis zum Mitmachen f\u00fcr Gro\u00df und Klein. Das Haus der Natur  zeigt den Besuchern einen besonderen Einblick auf die Natur des Oberen  Schwarzatals. Auf anschauliche Weise wird die Geschichte der Region (Goldbergbau, M\u00fchlen, K\u00f6hlerei) pr\u00e4sentiert und spielerisch lernt man die Umwelt und Natur der Region kennen.<br><br><\/p>\n<\/div><\/div>\n\n\n\n<div class=\"wp-block-media-text alignwide is-stacked-on-mobile\" style=\"grid-template-columns:36% auto\"><figure class=\"wp-block-media-text__media\"><img loading=\"lazy\" width=\"1024\" height=\"768\" src=\"http:\/\/fewo-stephan.info\/wp-content\/uploads\/2020\/03\/Neu-DSC_0624.jpg\" alt=\"\" class=\"wp-image-433 size-full\" srcset=\"https:\/\/fewo-th\u00fcringen.de\/wp-content\/uploads\/2020\/03\/Neu-DSC_0624.jpg 1024w, https:\/\/fewo-th\u00fcringen.de\/wp-content\/uploads\/2020\/03\/Neu-DSC_0624-300x225.jpg 300w, https:\/\/fewo-th\u00fcringen.de\/wp-content\/uploads\/2020\/03\/Neu-DSC_0624-768x576.jpg 768w\" sizes=\"(max-width: 1024px) 100vw, 1024px\" \/><\/figure><div class=\"wp-block-media-text__content\">\n<p class=\"has-normal-font-size\"><strong><a rel=\"noreferrer noopener\" aria-label=\"F\u00fcrstliche Erlebniswelten Schloss Schwarzburg (\u00f6ffnet in neuem Tab)\" href=\"http:\/\/www.schloss-schwarzburg.com\/\" target=\"_blank\">F\u00fcrstliche Erlebniswelten Schloss Schwarzburg<\/a><\/strong><br>Erleben sie das F\u00fcrstliche Zeughaus Schwarzburg mit seiner Waffensammlung der  Schwarzburger, dem \u00e4ltesten Th\u00fcringer Adelsgeschlecht, an ihrem historischen Ort. Die rekonstruierte Ausstellung enth\u00e4lt mehr als 5.000 orginale und restaurierte Objekte. Au\u00dferdem ist auch die Besichtigung des restaurierten Kaisersaalgeb\u00e4udes m\u00f6glich. <\/p>\n<\/div><\/div>\n\n\n\n<div class=\"wp-block-media-text alignwide is-stacked-on-mobile\" style=\"grid-template-columns:36% auto\"><figure class=\"wp-block-media-text__media\"><img loading=\"lazy\" width=\"1024\" height=\"768\" src=\"http:\/\/fewo-stephan.info\/wp-content\/uploads\/2020\/03\/Neu-TW_2360-1.jpg\" alt=\"\" class=\"wp-image-465 size-full\" srcset=\"https:\/\/fewo-th\u00fcringen.de\/wp-content\/uploads\/2020\/03\/Neu-TW_2360-1.jpg 1024w, https:\/\/fewo-th\u00fcringen.de\/wp-content\/uploads\/2020\/03\/Neu-TW_2360-1-300x225.jpg 300w, https:\/\/fewo-th\u00fcringen.de\/wp-content\/uploads\/2020\/03\/Neu-TW_2360-1-768x576.jpg 768w\" sizes=\"(max-width: 1024px) 100vw, 1024px\" \/><\/figure><div class=\"wp-block-media-text__content\">\n<p class=\"has-normal-font-size\"><strong><a rel=\"noreferrer noopener\" aria-label=\"Skiarena und Bikepark Silbersattel Steinach (\u00f6ffnet in neuem Tab)\" href=\"https:\/\/www.thueringen-alpin.de\/\" target=\"_blank\">Skiarena und Rennsteig-Bikearena Silbersattel Steinach<\/a><\/strong><br>Die  Skiarena mit einer vollautomatischen Beschnei- ungsanlage bietet dem  Anf\u00e4nger, wie auch dem Profi bestes Skivergn\u00fcgen bei einer Hangneigung  von 12 bis 63 %. Im Sommer gibt es im Bike-Park Action pur bei Freeride  und Downhill f\u00fcr Anf\u00e4nger und Profis. Ein Funger\u00e4teverleih sorgt f\u00fcr Spa\u00df auch ohne Mountainbike. Da kommt garantiert keine Langeweile auf.<\/p>\n<\/div><\/div>\n\n\n\n<div class=\"wp-block-media-text alignwide is-stacked-on-mobile is-vertically-aligned-top\" style=\"grid-template-columns:36% auto\"><figure class=\"wp-block-media-text__media\"><img loading=\"lazy\" width=\"1024\" height=\"678\" src=\"http:\/\/fewo-stephan.info\/wp-content\/uploads\/2020\/03\/DSC_0118-1024x678.jpg\" alt=\"\" class=\"wp-image-423 size-full\" srcset=\"https:\/\/fewo-th\u00fcringen.de\/wp-content\/uploads\/2020\/03\/DSC_0118-1024x678.jpg 1024w, https:\/\/fewo-th\u00fcringen.de\/wp-content\/uploads\/2020\/03\/DSC_0118-300x199.jpg 300w, https:\/\/fewo-th\u00fcringen.de\/wp-content\/uploads\/2020\/03\/DSC_0118-768x509.jpg 768w, https:\/\/fewo-th\u00fcringen.de\/wp-content\/uploads\/2020\/03\/DSC_0118-1536x1017.jpg 1536w, https:\/\/fewo-th\u00fcringen.de\/wp-content\/uploads\/2020\/03\/DSC_0118-2048x1356.jpg 2048w\" sizes=\"(max-width: 1024px) 100vw, 1024px\" \/><\/figure><div class=\"wp-block-media-text__content\">\n<p class=\"has-normal-font-size\"><strong><a rel=\"noreferrer noopener\" aria-label=\"Schwarzatal (\u00f6ffnet in neuem Tab)\" href=\"http:\/\/www.rennsteig-schwarzatal.de\/\" target=\"_blank\">Schwarzatal<\/a><\/strong><br>Das  wildromantische Schwarzatal ist wegen seiner idyllischen und  malerischen Sch\u00f6nheit ein Paradies f\u00fcr Wander- und Fahrradfreunde. Es  geh\u00f6rt zum \u201cNaturpark Th\u00fcringer Wald\u201d und kann auch mit der  Schwarzatalbahn erkundet werden. Oder versuchen sie doch einmal ihr Gl\u00fcck beim Goldwaschen in der Schwarza. <br><br><\/p>\n<\/div><\/div>\n\n\n\n<div class=\"wp-block-media-text alignwide is-stacked-on-mobile is-vertically-aligned-top\" style=\"grid-template-columns:36% auto\"><figure class=\"wp-block-media-text__media\"><img loading=\"lazy\" width=\"1024\" height=\"768\" src=\"http:\/\/fewo-stephan.info\/wp-content\/uploads\/2020\/03\/Neu-s1933_0003.jpg\" alt=\"\" class=\"wp-image-470 size-full\" srcset=\"https:\/\/fewo-th\u00fcringen.de\/wp-content\/uploads\/2020\/03\/Neu-s1933_0003.jpg 1024w, https:\/\/fewo-th\u00fcringen.de\/wp-content\/uploads\/2020\/03\/Neu-s1933_0003-300x225.jpg 300w, https:\/\/fewo-th\u00fcringen.de\/wp-content\/uploads\/2020\/03\/Neu-s1933_0003-768x576.jpg 768w\" sizes=\"(max-width: 1024px) 100vw, 1024px\" \/><\/figure><div class=\"wp-block-media-text__content\">\n<p class=\"has-normal-font-size\"><strong><a rel=\"noreferrer noopener\" aria-label=\"Rennsteig (\u00f6ffnet in neuem Tab)\" href=\"https:\/\/www.rennsteig.de\/\" target=\"_blank\">Rennsteig<\/a><\/strong><br>Der H\u00f6henweg des Th\u00fcringer Waldes erstreckt sich auf einer L\u00e4nge von 168,3 km von H\u00f6rschel bei Eisenach bis Blankenstein an der Saale. Er ist der beliebteste und bekannteste Wanderweg Th\u00fcringens. Ideal zum Wandern und  Radfahren. Jedes Jahr im Mai findet hier der traditionelle Guts-Muths-Rennsteiglauf statt.<br><br><br><\/p>\n<\/div><\/div>\n\n\n\n<div class=\"wp-block-media-text alignwide is-stacked-on-mobile is-vertically-aligned-top\" style=\"grid-template-columns:36% auto\"><figure class=\"wp-block-media-text__media\"><img loading=\"lazy\" width=\"1024\" height=\"768\" src=\"http:\/\/fewo-stephan.info\/wp-content\/uploads\/2020\/03\/Neu-Sauna.jpg\" alt=\"\" class=\"wp-image-471 size-full\" srcset=\"https:\/\/fewo-th\u00fcringen.de\/wp-content\/uploads\/2020\/03\/Neu-Sauna.jpg 1024w, https:\/\/fewo-th\u00fcringen.de\/wp-content\/uploads\/2020\/03\/Neu-Sauna-300x225.jpg 300w, https:\/\/fewo-th\u00fcringen.de\/wp-content\/uploads\/2020\/03\/Neu-Sauna-768x576.jpg 768w\" sizes=\"(max-width: 1024px) 100vw, 1024px\" \/><\/figure><div class=\"wp-block-media-text__content\">\n<p class=\"has-normal-font-size\"><a rel=\"noreferrer noopener\" aria-label=\"Erlebnisb\u00e4der in der Umgebung (\u00f6ffnet in neuem Tab)\" href=\"https:\/\/www.saalemaxx.de\/\" target=\"_blank\"><strong>Erlebnisb\u00e4der in der Umgebung<\/strong><\/a><br>Die Gegend bietet ausreichend Badespa\u00df f\u00fcr Jung und Alt. Im Sommer bei sch\u00f6nem Wetter l\u00e4dt das Erlebnis-Freibad in  Unterwei\u00dfbach zum Verweilen ein. Im Winter und an kalten Tagen kann man z. B. im Erlebnisbad Saalemaxx in Rudolstadt oder im Sonnebad in Sonneberg baden und saunieren oder einfach nur relaxen.<br><br><br><\/p>\n<\/div><\/div>\n\n\n\n<div class=\"wp-block-media-text alignwide is-stacked-on-mobile is-vertically-aligned-top\" style=\"grid-template-columns:36% auto\"><figure class=\"wp-block-media-text__media\"><img loading=\"lazy\" width=\"1024\" height=\"768\" src=\"http:\/\/fewo-stephan.info\/wp-content\/uploads\/2020\/03\/Neu-L1250011.jpg\" alt=\"\" class=\"wp-image-469 size-full\" srcset=\"https:\/\/fewo-th\u00fcringen.de\/wp-content\/uploads\/2020\/03\/Neu-L1250011.jpg 1024w, https:\/\/fewo-th\u00fcringen.de\/wp-content\/uploads\/2020\/03\/Neu-L1250011-300x225.jpg 300w, https:\/\/fewo-th\u00fcringen.de\/wp-content\/uploads\/2020\/03\/Neu-L1250011-768x576.jpg 768w\" sizes=\"(max-width: 1024px) 100vw, 1024px\" \/><\/figure><div class=\"wp-block-media-text__content\">\n<p class=\"has-normal-font-size\"><strong><a rel=\"noreferrer noopener\" aria-label=\"Glash\u00fctten in der Umgebung (\u00f6ffnet in neuem Tab)\" href=\"https:\/\/www.farbglashuette-lauscha.de\/\" target=\"_blank\">Glash\u00fctten in der Umgebung<\/a><\/strong><br>Erleben  Sie in einer der vielen Glash\u00fctten und -boutiqen in der Region, wie Kunstwerke (z. B. Gl\u00e4ser, Vasen oder traditioneller Christbaumschmuck)  aus Glas entstehen. Besuchen Sie doch  einmal die Farbglash\u00fctte in  der Glasbl\u00e4serstadt Lauscha oder eine der vielen anderen Glasmanufakturen in der Umgebung.<\/p>\n<\/div><\/div>\n","protected":false},"excerpt":{"rendered":"<p>Die Fr\u00f6belstadt Oberwei\u00dfbach, ein Ortsteil der Stadt Schwarzatal, liegt idyllisch im Th\u00fcringer Kr\u00e4utergarten zwischen dem Schwarzatal und dem Rennsteig. Von hier aus k\u00f6nnen Sie zu jeder Jahreszeit viele interessante Ausfl\u00fcge unternehmen und die Sehensw\u00fcrdigkeiten in und um Oberwei\u00dfbach besichtigen. Auch Ausfl\u00fcge zur Wartburg nach Eisenach, in die Landeshauptstadt Erfurt oder auch in die Goethestadt Weimar [&hellip;]<\/p>\n","protected":false},"author":1,"featured_media":0,"parent":0,"menu_order":3,"comment_status":"closed","ping_status":"closed","template":"","meta":{"ngg_post_thumbnail":0},"_links":{"self":[{"href":"https:\/\/fewo-th\u00fcringen.de\/index.php?rest_route=\/wp\/v2\/pages\/55"}],"collection":[{"href":"https:\/\/fewo-th\u00fcringen.de\/index.php?rest_route=\/wp\/v2\/pages"}],"about":[{"href":"https:\/\/fewo-th\u00fcringen.de\/index.php?rest_route=\/wp\/v2\/types\/page"}],"author":[{"embeddable":true,"href":"https:\/\/fewo-th\u00fcringen.de\/index.php?rest_route=\/wp\/v2\/users\/1"}],"replies":[{"embeddable":true,"href":"https:\/\/fewo-th\u00fcringen.de\/index.php?rest_route=%2Fwp%2Fv2%2Fcomments&post=55"}],"version-history":[{"count":24,"href":"https:\/\/fewo-th\u00fcringen.de\/index.php?rest_route=\/wp\/v2\/pages\/55\/revisions"}],"predecessor-version":[{"id":847,"href":"https:\/\/fewo-th\u00fcringen.de\/index.php?rest_route=\/wp\/v2\/pages\/55\/revisions\/847"}],"wp:attachment":[{"href":"https:\/\/fewo-th\u00fcringen.de\/index.php?rest_route=%2Fwp%2Fv2%2Fmedia&parent=55"}],"curies":[{"name":"wp","href":"https:\/\/api.w.org\/{rel}","templated":true}]}}